{"id":955,"date":"2026-07-09T11:32:28","date_gmt":"2026-07-09T09:32:28","guid":{"rendered":"https:\/\/bewity.curryketchup.be\/properties\/bens-72\/"},"modified":"2026-07-13T11:56:42","modified_gmt":"2026-07-13T09:56:42","slug":"bens-72","status":"publish","type":"property","link":"https:\/\/bewity.curryketchup.be\/fr\/properties\/bens-72\/","title":{"rendered":"BENS 72"},"content":{"rendered":"","protected":false},"featured_media":1151,"template":"","meta":{"_acf_changed":false,"inline_featured_image":false},"property_category":[56],"property_status":[38],"property_city":[48],"property_transaction":[47],"class_list":["post-955","property","type-property","status-publish","has-post-thumbnail","hentry","property_category-property_category-2-fr","property_status-property_status-1-fr","property_city-uccle-fr","property_transaction-property_transaction-2-fr"],"acf":{"reference":"","price":2050,"currency":"\u20ac","display_price":true,"available_from":"2023-12-01","living_area":150,"ground_area":"","garden_area":200,"bedrooms":2,"bathrooms":1,"toilets":1,"shower_rooms":1,"floors":3,"floor_level":"0","facades":3,"garage":true,"parking":false,"garden":true,"terrace":true,"furnished":false,"elevator":true,"cellars":true,"pool":false,"intercom":false,"kitchen_type":"amer. super-\u00e9quip\u00e9e","heating_type":"gaz","epc_class":"D","epc_value":205,"co2_emission":43,"epc_code":"20150618-0000292224-01-3","epc_valid_until":"2025-06-18","address":"Rue Joseph Bens","street_number":"72","box":"","zip":"1180","city_name":"Uccle","latitude":50.8070375,"longitude":4.3332521,"orientation":"nord","environment":"calme","flood_zone":" pas situ\u00e9 en zone inondable","construction_year":"","renovation_year":"","land_tax":"","near_shops":true,"near_schools":true,"near_transport":true,"near_sport":true,"near_highway":true,"near_beach":false,"title_advert":"Uccle : Superbe rez-de-chauss\u00e9e avec jardin","description_short":"LOUE! A proximit\u00e9 de la Place Jean Vander Elst, superbe rez-de-chauss\u00e9e de \u00b1 150 m\u00b2 bruts avec grand jardin. Il se compose comme suit : hall d\u2019entr\u00e9e, beau s\u00e9jour de \u00b1 45 m\u00b2 donnant acc\u00e8s \u00e0 une terrasse de \u00b1 20 m\u00b2 et un jardin de \u00b1 200 m\u00b2 orient\u00e9s Sud, cuisine am\u00e9ricaine super \u00e9quip\u00e9e, hall de nuit, chambre principale de \u00b1 23 m\u00b2, dressing, salle de bains, seconde chambre ou bureau en mezzanine de \u00b1 16 m\u00b2, wc s\u00e9par\u00e9. Egalement : Double vitrage, syst\u00e8me d\u2019alarme, vid\u00e9ophone, buanderie, chaudi\u00e8re individuelle au gaz, cave. Garage box (75\u20ac\/mois). Charges communes : 50\u20ac\/mois (forfait). PEB : D-. Libre le 01\/12\/2023. A d\u00e9couvrir au plus vite ! IPI 509.889","description_full":"A proximit\u00e9 de la Place Jean Vander Elst, superbe rez-de-chauss\u00e9e de \u00b1 150 m\u00b2 bruts avec grand jardin. Il se compose comme suit : hall d\u2019entr\u00e9e, beau s\u00e9jour de \u00b1 45 m\u00b2 donnant acc\u00e8s \u00e0 une terrasse de \u00b1 20 m\u00b2 et un jardin de \u00b1 200 m\u00b2 orient\u00e9s Sud, cuisine am\u00e9ricaine super \u00e9quip\u00e9e, hall de nuit, chambre principale de \u00b1 23 m\u00b2, dressing, salle de bains, seconde chambre ou bureau en mezzanine de \u00b1 16 m\u00b2, wc s\u00e9par\u00e9. Egalement : Double vitrage, syst\u00e8me d\u2019alarme, vid\u00e9ophone, buanderie, chaudi\u00e8re individuelle au gaz, cave. Garage box (75\u20ac\/mois). Charges communes : 50\u20ac\/mois (forfait). PEB : D-. Libre le 01\/12\/2023. A d\u00e9couvrir au plus vite !","gallery":[1151,1152,1153,1154,1155,1156,1158,1160,1162,1164,1165,1167,1169],"agent_name":"J\u00e9r\u00f4me Hochglober","agent_email":"jh@bewity.be","agent_phone":"+ 32 477 68 91 38","agent_photo":"https:\/\/r2.storagewhise.eu\/storage9813\/Images\/Agents\/40839.jpg","extra_details":[{"label":"nombre de garage","value":"1","group":"B\u00e2timent","whise_id":19},{"label":"parking int\u00e9rieur","value":"0","group":"B\u00e2timent","whise_id":20},{"label":"parking ext\u00e9rieur","value":"0","group":"B\u00e2timent","whise_id":21},{"label":"acc\u00e8s handicap\u00e9s","value":"0","group":"Equipement de base","whise_id":22},{"label":"cuisine","value":"1","group":"Equipement de base","whise_id":38},{"label":"buanderie","value":"1","group":"Divers","whise_id":39},{"label":"chauffage (ind\/coll)","value":"individuel","group":"Equipement de base","whise_id":53},{"label":"chambre 1","value":"23","group":"En chiffres","whise_id":78},{"label":"chambre 2","value":"16.2","group":"En chiffres","whise_id":79},{"label":"Charges locataire","value":"50","group":"Charges & Co\u00fbts","whise_id":301},{"label":"double vitrage","value":"1","group":"Equipement de base","whise_id":461},{"label":"garantie locative (nombre de mois)","value":"2","group":"Charges & Co\u00fbts","whise_id":573},{"label":"largeur de fa\u00e7ade","value":"9","group":"En chiffres","whise_id":713},{"label":"\u00e9lectricit\u00e9","value":"1","group":"Raccordements","whise_id":757},{"label":"surface de terrasse 1","value":"20","group":"Caract\u00e9ristiques Principales","whise_id":874},{"label":"Parking(s) int\u00e9rieur","value":"1","group":"B\u00e2timent","whise_id":998},{"label":"Nbre de terrasse(s)","value":"1","group":"En chiffres","whise_id":1005},{"label":" Salle de s\u00e9jour","value":"44.8","group":"En chiffres","whise_id":1009},{"label":"Cuisine","value":"13.1","group":"En chiffres","whise_id":1011},{"label":"D\u00e9tails charges","value":"Charges communes","group":"Charges & Co\u00fbts","whise_id":1155},{"label":"type d'ascenseur","value":"personnes","group":"Equipement de base","whise_id":1178},{"label":"Type d'environnement 2","value":"bois\u00e9","group":"Sp\u00e9cificit\u00e9s terrain","whise_id":1447},{"label":"orientation de la terrasse 1","value":"sud","group":"En chiffres","whise_id":1493},{"label":"sdb","value":"douche et bain","group":"Equipement de base","whise_id":1596},{"label":"Alarme","value":"1","group":"S\u00e9curit\u00e9","whise_id":1752},{"label":"t\u00e9l\u00e9vision par cable","value":"1","group":"Raccordements","whise_id":1757},{"label":"gaz","value":"1","group":"Raccordements","whise_id":1760},{"label":"c\u00e2bles t\u00e9l\u00e9phoniques","value":"1","group":"Raccordements","whise_id":1765},{"label":"Porte blind\u00e9e","value":"1","group":"S\u00e9curit\u00e9","whise_id":1769},{"label":"Videophone","value":"1","group":"Equipement de base","whise_id":1771},{"label":"eau","value":"1","group":"Raccordements","whise_id":1772},{"label":"certificat d'\u00e9lectricit\u00e9","value":"non","group":"Certificats \/ Attestations","whise_id":1793},{"label":"Label PEB","value":"D","group":"Certificats \u00e9nerg\u00e9tiques","whise_id":2056},{"label":"PEB E-SPEC (kwh\/m\u00b2\/an)","value":"205","group":"Certificats \u00e9nerg\u00e9tiques","whise_id":2089},{"label":"E total","value":"35740","group":"Certificats \u00e9nerg\u00e9tiques","whise_id":2390},{"label":"Date du PEB","value":"06\/18\/2015 00:00","group":"Certificats \u00e9nerg\u00e9tiques","whise_id":2826},{"label":"Modalit\u00e9s de charges","value":"forfaitaires mensuelles","group":"Charges & Co\u00fbts","whise_id":2865}]},"_links":{"self":[{"href":"https:\/\/bewity.curryketchup.be\/fr\/wp-json\/wp\/v2\/property\/955","targetHints":{"allow":["GET"]}}],"collection":[{"href":"https:\/\/bewity.curryketchup.be\/fr\/wp-json\/wp\/v2\/property"}],"about":[{"href":"https:\/\/bewity.curryketchup.be\/fr\/wp-json\/wp\/v2\/types\/property"}],"acf:attachment":[{"embeddable":true,"href":"https:\/\/bewity.curryketchup.be\/fr\/wp-json\/wp\/v2\/media\/1169"},{"embeddable":true,"href":"https:\/\/bewity.curryketchup.be\/fr\/wp-json\/wp\/v2\/media\/1167"},{"embeddable":true,"href":"https:\/\/bewity.curryketchup.be\/fr\/wp-json\/wp\/v2\/media\/1165"},{"embeddable":true,"href":"https:\/\/bewity.curryketchup.be\/fr\/wp-json\/wp\/v2\/media\/1164"},{"embeddable":true,"href":"https:\/\/bewity.curryketchup.be\/fr\/wp-json\/wp\/v2\/media\/1162"},{"embeddable":true,"href":"https:\/\/bewity.curryketchup.be\/fr\/wp-json\/wp\/v2\/media\/1160"},{"embeddable":true,"href":"https:\/\/bewity.curryketchup.be\/fr\/wp-json\/wp\/v2\/media\/1158"},{"embeddable":true,"href":"https:\/\/bewity.curryketchup.be\/fr\/wp-json\/wp\/v2\/media\/1156"},{"embeddable":true,"href":"https:\/\/bewity.curryketchup.be\/fr\/wp-json\/wp\/v2\/media\/1155"},{"embeddable":true,"href":"https:\/\/bewity.curryketchup.be\/fr\/wp-json\/wp\/v2\/media\/1154"},{"embeddable":true,"href":"https:\/\/bewity.curryketchup.be\/fr\/wp-json\/wp\/v2\/media\/1153"},{"embeddable":true,"href":"https:\/\/bewity.curryketchup.be\/fr\/wp-json\/wp\/v2\/media\/1152"},{"embeddable":true,"href":"https:\/\/bewity.curryketchup.be\/fr\/wp-json\/wp\/v2\/media\/1151"}],"wp:featuredmedia":[{"embeddable":true,"href":"https:\/\/bewity.curryketchup.be\/fr\/wp-json\/wp\/v2\/media\/1151"}],"wp:attachment":[{"href":"https:\/\/bewity.curryketchup.be\/fr\/wp-json\/wp\/v2\/media?parent=955"}],"wp:term":[{"taxonomy":"property_category","embeddable":true,"href":"https:\/\/bewity.curryketchup.be\/fr\/wp-json\/wp\/v2\/property_category?post=955"},{"taxonomy":"property_status","embeddable":true,"href":"https:\/\/bewity.curryketchup.be\/fr\/wp-json\/wp\/v2\/property_status?post=955"},{"taxonomy":"property_city","embeddable":true,"href":"https:\/\/bewity.curryketchup.be\/fr\/wp-json\/wp\/v2\/property_city?post=955"},{"taxonomy":"property_transaction","embeddable":true,"href":"https:\/\/bewity.curryketchup.be\/fr\/wp-json\/wp\/v2\/property_transaction?post=955"}],"curies":[{"name":"wp","href":"https:\/\/api.w.org\/{rel}","templated":true}]}}